{"id":484,"date":"2016-09-13T14:35:19","date_gmt":"2016-09-13T13:35:19","guid":{"rendered":"http:\/\/sylvie-edeline.com\/?page_id=484"},"modified":"2016-09-13T14:35:19","modified_gmt":"2016-09-13T13:35:19","slug":"eczema-et-irritabilite","status":"publish","type":"page","link":"https:\/\/sylvie-edeline.com\/index.php\/eczema-et-irritabilite\/","title":{"rendered":"Ecz\u00e9ma et Irritabilit\u00e9"},"content":{"rendered":"<p><strong>10.01.2008<\/strong><\/p>\n<p><strong>B-Patricia<\/strong><\/p>\n<p>Je souffre d\u2019ecz\u00e9ma depuis 1993. Il est apparu sur les tibias, suite \u00e0 des soucis familiaux. Je suis de nature anxieuse et n\u2019ext\u00e9riorise rien. Je garde tout en moi, jusqu\u2019 au jour o\u00f9 ca explose.<\/p>\n<p>Mon dermatologue m\u2019a prescrit\u00a0 un premier traitement qui a \u00e9t\u00e9 tr\u00e8s vitre insuffisant. En 1993 et aujourd hui, les crises n ont cess\u00e9 d\u2019augmenter en nombre et en intensit\u00e9. Ca me d\u00e9mange comme des piqures de moustiques. Je me gratte, Mes jambes ont des plaques boursouffl\u00e9es. Il a fallu passer \u00e0 un traitement plus fort. Je suis soign\u00e9e a la cortisone depuis 7 ann\u00e9es. L\u2019ecz\u00e9ma arrive, part et revient, part. Mais depuis 2ans, ma peau ne r\u00e9agit plus a la cortisone. Elle doit \u00eatre trop y \u00eatre habitu\u00e9e et mes jambes restent boursoufl\u00e9es. Ma peau est comme brul\u00e9e, atrophi\u00e9e. Elle est hypersensible. Quand je me gratte, car \u00e7a me d\u00e9mange de plus en plus, je me gratte \u00e0 sang.<\/p>\n<p>Ca me fait du bien dans un premier temps, mais ensuite j\u2019ai tr\u00e8s mal.<\/p>\n<p>&nbsp;<\/p>\n<p>Je suis all\u00e9e voir, mon m\u00e9decin traitant qui m\u2019a conseill\u00e9 de prendre contact avec Mme Bourgoin.<\/p>\n<p>Tres vite au cours de la s\u00e9ance, j\u2019ai senti une douceur envahir mon corps. Je me sentais \u00ab\u00a0ramollir\u00a0\u00bb. C\u2019est tr\u00e8s agr\u00e9able. La chaleur tr\u00e8s intense de mes jambes abim\u00e9es est petit \u00e0 petit partie.<\/p>\n<p>Pendant les 2 jours qui ont suivi la s\u00e9ance, l\u2019ecz\u00e9ma s\u2019est intensifi\u00e9 pour commencer \u00e0 disparaitre le 3eme jour.<\/p>\n<p>&nbsp;<\/p>\n<p>Un fait m\u2019a \u00e9galement agr\u00e9ablement\u00a0 surpris. Moi qui d\u2019habitude m\u2019\u00e9nerve tr\u00e8s vite, je suis rest\u00e9e calme \u00e0 l\u2019insolence de ma fille de 17ans en pleine crise d\u2019adolescence. J\u2019aborde les choses diff\u00e9remment, mes objectifs \u00e9ducatifs sont les m\u00eames mais depuis cette s\u00e9ance, il y a un mois, je suis plus sereine, comme lib\u00e9r\u00e9e.<\/p>\n<p>J\u2019ai senti les bienfaits de la s\u00e9ance d\u00e8s le soir m\u00eame, en rentrant chez moi. Au d\u00e9but \u00e7a m\u2019a fait bizarre de ne plus se f\u00e2cher, mais c\u2019est tellement agr\u00e9able\u00a0!<\/p>\n<p>&nbsp;<\/p>\n<p>Je regrette de ne pas avoir r\u00e9agi plus t\u00f4t en allant voir Madame Bourgoin. Cela m\u2019aurait certainement \u00e9vit\u00e9 beaucoup de stress lors de mes derni\u00e8res difficult\u00e9s familiales (conjugales).<\/p>\n<p>&nbsp;<\/p>\n","protected":false},"excerpt":{"rendered":"<p>10.01.2008 B-Patricia Je souffre d\u2019ecz\u00e9ma depuis 1993. Il est apparu sur les tibias, suite \u00e0 des soucis familiaux. Je suis de nature anxieuse et n\u2019ext\u00e9riorise rien. Je garde tout en moi, jusqu\u2019 au jour o\u00f9 ca explose. Mon dermatologue m\u2019a prescrit\u00a0 un premier traitement qui a \u00e9t\u00e9 tr\u00e8s vitre insuffisant. En 1993 et aujourd hui, [&hellip;]<\/p>\n","protected":false},"author":1,"featured_media":0,"parent":0,"menu_order":0,"comment_status":"closed","ping_status":"closed","template":"","meta":[],"_links":{"self":[{"href":"https:\/\/sylvie-edeline.com\/index.php\/wp-json\/wp\/v2\/pages\/484"}],"collection":[{"href":"https:\/\/sylvie-edeline.com\/index.php\/wp-json\/wp\/v2\/pages"}],"about":[{"href":"https:\/\/sylvie-edeline.com\/index.php\/wp-json\/wp\/v2\/types\/page"}],"author":[{"embeddable":true,"href":"https:\/\/sylvie-edeline.com\/index.php\/wp-json\/wp\/v2\/users\/1"}],"replies":[{"embeddable":true,"href":"https:\/\/sylvie-edeline.com\/index.php\/wp-json\/wp\/v2\/comments?post=484"}],"version-history":[{"count":1,"href":"https:\/\/sylvie-edeline.com\/index.php\/wp-json\/wp\/v2\/pages\/484\/revisions"}],"predecessor-version":[{"id":485,"href":"https:\/\/sylvie-edeline.com\/index.php\/wp-json\/wp\/v2\/pages\/484\/revisions\/485"}],"wp:attachment":[{"href":"https:\/\/sylvie-edeline.com\/index.php\/wp-json\/wp\/v2\/media?parent=484"}],"curies":[{"name":"wp","href":"https:\/\/api.w.org\/{rel}","templated":true}]}}